{"id":1223,"date":"2022-08-23T18:36:02","date_gmt":"2022-08-23T18:36:02","guid":{"rendered":"https:\/\/trzezwewesele.pl\/?page_id=1223"},"modified":"2022-08-23T18:44:41","modified_gmt":"2022-08-23T18:44:41","slug":"list-ks-bp-tadeusz-bronakowski-na-vi-btw","status":"publish","type":"page","link":"https:\/\/trzezwewesele.pl\/index.php\/list-ks-bp-tadeusz-bronakowski-na-vi-btw\/","title":{"rendered":"List ks. Bp. Tadeusz Bronakowski na VI BTW"},"content":{"rendered":"<p style=\"text-align: right;\"><span style=\"font-size: 20px;\"><img loading=\"lazy\" decoding=\"async\" class=\"alignleft wp-image-909 size-full\" src=\"https:\/\/trzezwewesele.pl\/wp-content\/uploads\/2020\/12\/bp-T.-Bronakowski-e1661280231960.jpg\" alt=\"\" width=\"212\" height=\"183\">\u0141om\u017ca, dnia 20 sierpnia 2022 roku<\/span><\/p>\n<p>&nbsp;<\/p>\n<p>&nbsp;<\/p>\n<p style=\"text-align: center;\"><span style=\"font-size: 20px;\"><strong>Umi\u0142owani Uczestnicy VI Bieszczadzkiego Trze\u017awego Wesela<\/strong><\/span><\/p>\n<p style=\"text-align: center;\"><span style=\"font-size: 20px;\"><strong>u Kr\u00f3lowej Matki Pi\u0119knej Mi\u0142o\u015bci w Myczkowcach!<\/strong><\/span><\/p>\n<p>&nbsp;<\/p>\n<p><span style=\"font-size: 20px;\">\u201eWolno\u015b\u0107 jest trudna, trzeba si\u0119 jej uczy\u0107, trzeba si\u0119 uczy\u0107 by\u0107 prawdziwie wolnym, trzeba si\u0119 uczy\u0107 by\u0107 wolnym tak, a\u017ceby nasza wolno\u015b\u0107 nie stawa\u0142a si\u0119 nasz\u0105 w\u0142asn\u0105 niewol\u0105, zniewoleniem wewn\u0119trznym, ani te\u017c nie stawa\u0142a si\u0119 przyczyn\u0105 zniewolenia innych\u201d. Te jak\u017ce g\u0142\u0119bokie s\u0142owa \u015bw. Jana Paw\u0142a II, wypowiedziane przed laty na naszej ojczystej ziemi, niech b\u0119d\u0105 dla Was zach\u0119t\u0105 do wsp\u00f3lnej refleksji, modlitwy i rozmowy w czasie dzisiejszego Waszego spotkania.<\/span><\/p>\n<p><span style=\"font-size: 20px;\">Ju\u017c po raz sz\u00f3sty przybyli\u015bcie tutaj, aby w szkole Maryi Kr\u00f3lowej, Matki Pi\u0119knej Mi\u0142o\u015bci uczy\u0107 si\u0119 wolno\u015bci. W tej maryjnej szkole naj\u0142atwiej zrozumie\u0107, czym jest prawdziwa wolno\u015b\u0107, jak o ni\u0105 si\u0119 troszczy\u0107 i jak si\u0119 w niej doskonali\u0107. Nie jest to \u0142atwe zadanie zar\u00f3wno w wymiarze indywidualnym, jak r\u00f3wnie\u017c szerszym \u2013 rodzinnym, spo\u0142ecznym i narodowym. Nie jeste\u015bmy jednak sami. Nasz\u0105 Nauczycielk\u0105 jest Niepokalana Matka Chrystusa, kt\u00f3ry przecie\u017c wyswobodzi\u0142 nas ku wolno\u015bci (por. Ga 5, 1).<\/span><\/p>\n<p><span style=\"font-size: 20px;\">Bieszczadzkie Trze\u017awe Wesele odbywa si\u0119 w sierpniu, miesi\u0105cu abstynencji. Jest wi\u0119c pi\u0119kn\u0105 odpowiedzi\u0105 na t\u0119 bardzo wa\u017cn\u0105 inicjatyw\u0119, jak\u0105 co roku w swojej pracy duszpasterskiej podejmuje Ko\u015bci\u00f3\u0142 w Polsce. W tym roku przy\u015bwieca nam has\u0142o: \u201ePos\u0142ani w pokoju Chrystusa budujmy trze\u017aw\u0105 i woln\u0105 Polsk\u0119\u201d. Ka\u017cdy z nas, odpowiednio do swojego stanu i roli, jak\u0105 pe\u0142ni w \u017cyciu, jest powo\u0142any do niesienia pokoju Chrystusa innym. Jest to warunek budowania naszej Ojczyzny na mocnym fundamencie warto\u015bci chrze\u015bcija\u0144skich. Jest to warunek odnowy moralnej naszego narodu, tak\u017ce w przestrzeni zniewolenia tak wielu naszych rodak\u00f3w pija\u0144stwem i innymi na\u0142ogami.<\/span><\/p>\n<p><span style=\"font-size: 20px;\">Wasze dzisiejsze spotkanie, kt\u00f3remu patronuj\u0119, jest cennym \u015bwiadectwem wytrwa\u0142ej, radosnej i ofiarnej s\u0142u\u017cby, kt\u00f3rej celem jest budowa trze\u017awej i wolnej Polski.<\/span><\/p>\n<p><span style=\"font-size: 20px;\">Dzi\u0119kuj\u0119 w spos\u00f3b szczeg\u00f3lny Organizatorom Bieszczadzkiego Trze\u017awego Wesela &#8211; Dyrektorowi O\u015brodka Caritas Diecezji Rzeszowskiej w Myczkowcach, Ksi\u0119dzu Bogdanowi Janikowi,&nbsp; Pa\u0144stwu Teresie i Piotrowi Mazurom wraz ze wszystkimi cz\u0142onkami Stowarzyszenia Wesele Wesel, wolontariuszom i ka\u017cdemu z Was uczestnicz\u0105cych w tym wspania\u0142ym wydarzeniu.<\/span><\/p>\n<p><span style=\"font-size: 20px;\">\u0141\u0105cz\u0119 si\u0119 z Wami w modlitwie i radosnym prze\u017cywaniu wsp\u00f3lnoty.<\/span><\/p>\n<p><span style=\"font-size: 20px;\">Z pasterskim b\u0142ogos\u0142awie\u0144stwem.<\/span><\/p>\n<p>&nbsp;<\/p>\n<p style=\"text-align: center;\"><span style=\"font-size: 20px;\">Bp Tadeusz Bronakowski<\/span><\/p>\n<p style=\"text-align: center;\"><span style=\"font-size: 20px;\">Przewodnicz\u0105cy KEP ds. Apostolstwa Trze\u017awo\u015bci<\/span><\/p>\n<p style=\"text-align: center;\"><span style=\"font-size: 20px;\">i Os\u00f3b Uzale\u017cnionych<\/span><\/p>\n","protected":false},"excerpt":{"rendered":"<p>\u0141om\u017ca, dnia 20 sierpnia 2022 roku &nbsp; &nbsp; Umi\u0142owani Uczestnicy VI Bieszczadzkiego Trze\u017awego Wesela u Kr\u00f3lowej Matki Pi\u0119knej Mi\u0142o\u015bci w Myczkowcach! &nbsp; \u201eWolno\u015b\u0107 jest trudna, trzeba si\u0119 jej uczy\u0107, trzeba si\u0119 uczy\u0107 by\u0107 prawdziwie wolnym, trzeba si\u0119 uczy\u0107 by\u0107 wolnym tak, a\u017ceby nasza wolno\u015b\u0107 nie stawa\u0142a si\u0119 nasz\u0105 w\u0142asn\u0105 niewol\u0105, zniewoleniem wewn\u0119trznym, ani te\u017c nie [&hellip;]<\/p>\n","protected":false},"author":1,"featured_media":0,"parent":0,"menu_order":0,"comment_status":"closed","ping_status":"closed","template":"","meta":{"ngg_post_thumbnail":0,"footnotes":""},"class_list":["post-1223","page","type-page","status-publish","hentry"],"_links":{"self":[{"href":"https:\/\/trzezwewesele.pl\/index.php\/wp-json\/wp\/v2\/pages\/1223","targetHints":{"allow":["GET"]}}],"collection":[{"href":"https:\/\/trzezwewesele.pl\/index.php\/wp-json\/wp\/v2\/pages"}],"about":[{"href":"https:\/\/trzezwewesele.pl\/index.php\/wp-json\/wp\/v2\/types\/page"}],"author":[{"embeddable":true,"href":"https:\/\/trzezwewesele.pl\/index.php\/wp-json\/wp\/v2\/users\/1"}],"replies":[{"embeddable":true,"href":"https:\/\/trzezwewesele.pl\/index.php\/wp-json\/wp\/v2\/comments?post=1223"}],"version-history":[{"count":5,"href":"https:\/\/trzezwewesele.pl\/index.php\/wp-json\/wp\/v2\/pages\/1223\/revisions"}],"predecessor-version":[{"id":1229,"href":"https:\/\/trzezwewesele.pl\/index.php\/wp-json\/wp\/v2\/pages\/1223\/revisions\/1229"}],"wp:attachment":[{"href":"https:\/\/trzezwewesele.pl\/index.php\/wp-json\/wp\/v2\/media?parent=1223"}],"curies":[{"name":"wp","href":"https:\/\/api.w.org\/{rel}","templated":true}]}}